{"id":7973,"date":"2022-05-04T16:42:02","date_gmt":"2022-05-04T14:42:02","guid":{"rendered":"http:\/\/yootheme.markusweidemann.de\/?page_id=7973"},"modified":"2023-03-16T20:56:36","modified_gmt":"2023-03-16T19:56:36","slug":"portrait","status":"publish","type":"page","link":"https:\/\/www.fayence-steinzeug-vogt.de\/en\/portrait\/","title":{"rendered":"Portrait"},"content":{"rendered":"<h1>Portrait<\/h1>\n<h2>Peter Vogt<\/h2>\n<p><img decoding=\"async\" src=\"\/wp-content\/uploads\/2018\/09\/Peter-Vogt-Antiquitaeten-im-Rathaus-Munchen.jpg\" alt=\"Peter Vogt Antiquitaeten im Rathaus M\u00fcnchen\"><\/p>\n<h2>\n<p>\u00a0<\/p>\n<\/h2>\n<ul>\n<li>\n<div>\n<p>Ausbildung im Kunsthandel bei <strong>Sotheby\u2019s in M\u00fcnchen, New York und London<\/strong><\/p>\n<\/div>\n<\/li>\n<li>\n<div>\n<p>Seit <strong>1987<\/strong> Inhaber des<strong> Antiquit\u00e4tengesch\u00e4ftes im M\u00fcnchner Rathaus<\/strong><br \/>Seit \u00fcber<strong> 30 Jahren spezialisiert auf die Vielfalt historischer Fayence<br \/>und Steinzeug Objekte, wie Kr\u00fcge, Teller und Vasen.<\/strong><\/p>\n<\/p>\n<\/div>\n<\/li>\n<li>\n<div>\n<p>31 Auktionen besonderer und <strong>hochwertiger Sammlerst\u00fccke<\/strong> von <strong>deutscher Fayence und Steinzeug aus vier Jahrhunderten<\/strong><\/p>\n<\/p>\n<\/div>\n<\/li>\n<li>\n<div>\n<p>Professionelle <strong>Expertise<\/strong> f\u00fcr <strong>deutsche Fayence und Steinzeug, sowie Sammlerzinn<\/strong><\/p>\n<\/p>\n<\/div>\n<\/li>\n<li>\n<div>\n<p>Versierte Kenntnis der aktuellen Marktsituation und der<strong> Zuschreibung von Kunstobjekten<\/strong><br \/>in den oben genannten Sammlerbereichen<\/p>\n<\/div>\n<\/li>\n<li>\n<div>\n<p>Individuelle Beratung im <strong>Sammlungsaufbau<\/strong> und der <strong>Sammlungsbetreuung.<\/strong><\/p>\n<\/div>\n<\/li>\n<li>\n<div>\n<p><strong>Einzelbewertung<\/strong> und <strong>Bewertung von Sammlungen<\/strong><\/p>\n<\/div>\n<\/li>\n<\/ul>\n<ul>\n<li><a href=\"https:\/\/www.facebook.com\/peter.vogtfayence.3\/\">facebook<\/a>\n<\/li>\n<\/ul>\n<h2>Ver\u00f6ffentlichung<\/h2>\n<p><img decoding=\"async\" src=\"\/wp-content\/uploads\/2015\/02\/Buch-titel-e1582546862230.jpg\" alt=\"Alte Bierkr\u00fcge \u00dcbersichtskatalog mit Bierkr\u00fcgen Vogt Battenberg Verlag\"><\/p>\n<h2>\n<p><strong>\u00a0<\/strong><\/p>\n<\/h2>\n<div>\n<h3 class=\"author\"><a href=\"https:\/\/www.fayence-steinzeug-vogt.de\/alte-bierkruege-vogt-fayence-steinzeug-kruege\/\">Alte Bierkr\u00fcge<\/a><br \/>Sammlertr\u00e4ume<br \/>\u00dcbersichtskatalog mit Bierkr\u00fcgen aus f\u00fcnf Jahrhunderten<\/h3>\n<p class=\"author\">Johannes <span class=\"searchItem\">Vogt<\/span> (Autor), Peter <span class=\"searchItem\">Vogt<\/span> (Autor)<\/p>\n<p class=\"publisher\">Battenberg Gietl Verlag 2007<\/p>\n<p class=\"description\"><strong>Bierkr\u00fcge und Humpen aus f\u00fcnf Jahrhunderten<\/strong> mit geschichtlichem Abriss, \u00dcberblick \u00fcber Materialien und Besonderheiten, aktuelle Marktpreise und <strong>professionelle Bewertungen vom Fachmann<\/strong>. <strong>Im vorliegenden Werk stellen die Autoren die verschiedensten Kr\u00fcge und Humpen aus f\u00fcnf Jahrhunderten vor.<\/strong><\/p>\n<\/div>\n<div>\n<p><strong>PDF mit Ausschnitten aus dem Buch vom Verlag: <\/strong><br \/><strong><a href=\"https:\/\/stage.fayence-steinzeug-vogt.de\/wp-content\/uploads\/2015\/02\/Vogt-Alte-Bierkruege-klein.pdf\">Alte Bierkr\u00fcge: Sammlertr\u00e4ume Battenberg J.Vogt<\/a><\/strong><strong><\/strong><\/p>\n<p class=\"description\"><strong>Im vorliegenden Werk stellen die Autoren die verschiedensten Kr\u00fcge und Humpen aus f\u00fcnf Jahrhunderten vor.<\/strong><\/p>\n<p class=\"description\">Dabei geben sie grundlegende Informationen zum Sammelgebiet an sich, zu den Materialien, aus denen die wertvollen Objekte gefertigt sind und einen reich illustrierten <strong>geschichtlichen Abriss, von der Renaissance zum Biedermeier, vom Historismus bis hin zum Jugendsti<\/strong>l.<\/p>\n<p class=\"description\">\n<p class=\"description\"><strong>Johannes Vogt, geboren 1959<\/strong>, machte sich nach Abschluss seines Betriebswirtschaftsstudiums als Antiquit\u00e4tenh\u00e4ndler im M\u00fcnchen selbstst\u00e4ndig. Er hat bereits zahlreiche Titel zum Thema Alte Bierkr\u00fcge ver\u00f6ffentlicht. Im Jahre 1994 gr\u00fcndete Johannes Vogt ein auf historische Trinkgef\u00e4\u00dfe spezialisiertes Auktionshaus und hat seitdem bereits \u00fcber 10.000 Kr\u00fcge versteigert.<\/p>\n<p class=\"description\"><strong>Peter Vogt, geboren 1962<\/strong>, arbeitete zun\u00e4chst bei Sotheby\u2019s in M\u00fcnchen, New York und London. 1987 er\u00f6ffnete er im M\u00fcnchner Rathaus ein Antiquit\u00e4tengesch\u00e4ft mit Fayence- und Steinzeugkr\u00fcgen. Seit 1990 gibt Peter Vogt einen j\u00e4hrlichen Verkaufskatalog mit dem Titel Fayence und Steinzeug aus vier Jahrhunderten heraus.<\/p>\n<\/p>\n<\/div>\n<h2>Presse<\/h2>\n<ul>\n<li>\n<h3>Kunst und Antiquit\u00e4ten \u2013 Der Fund meines Lebens \u2013 21.09.2018<\/h3>\n<div>\n<h2>\u00a0<a href=\"https:\/\/www.fayence-steinzeug-vogt.de\/wp-content\/uploads\/2018\/09\/Kunst-und-Auktionen-15_2018.jpg\"><img loading=\"lazy\" decoding=\"async\" class=\"alignnone size-full wp-image-4542\" src=\"https:\/\/www.fayence-steinzeug-vogt.de\/wp-content\/uploads\/2018\/09\/Kunst-und-Auktionen-15_2018.jpg\" alt=\"Kunst und Auktionen 15_2018\" srcset=\"https:\/\/www.fayence-steinzeug-vogt.de\/wp-content\/uploads\/2018\/09\/Kunst-und-Auktionen-15_2018.jpg 603w, https:\/\/www.fayence-steinzeug-vogt.de\/wp-content\/uploads\/2018\/09\/Kunst-und-Auktionen-15_2018-300x108.jpg 300w\" sizes=\"(max-width: 603px) 100vw, 603px\" width=\"603\" height=\"218\" \/><\/a><\/h2>\n<p><a href=\"https:\/\/www.fayence-steinzeug-vogt.de\/wp-content\/uploads\/2018\/09\/Kunst-Antiquit\u00e4ten-15-2018-Peter-Vogt.jpg\"><img decoding=\"async\" loading=\"lazy\" class=\"alignnone size-large wp-image-4577\" src=\"https:\/\/www.fayence-steinzeug-vogt.de\/wp-content\/uploads\/2018\/09\/Kunst-Antiquit\u00e4ten-15-2018-Peter-Vogt-423x1024.jpg\" alt=\"Kunst + Antiquit\u00e4ten 15 -2018 Peter Vogt\" srcset=\"https:\/\/www.fayence-steinzeug-vogt.de\/wp-content\/uploads\/2018\/09\/Kunst-Antiquit\u00e4ten-15-2018-Peter-Vogt-423x1024.jpg 423w, https:\/\/www.fayence-steinzeug-vogt.de\/wp-content\/uploads\/2018\/09\/Kunst-Antiquit\u00e4ten-15-2018-Peter-Vogt-124x300.jpg 124w, https:\/\/www.fayence-steinzeug-vogt.de\/wp-content\/uploads\/2018\/09\/Kunst-Antiquit\u00e4ten-15-2018-Peter-Vogt-768x1861.jpg 768w, https:\/\/www.fayence-steinzeug-vogt.de\/wp-content\/uploads\/2018\/09\/Kunst-Antiquit\u00e4ten-15-2018-Peter-Vogt-624x1512.jpg 624w, https:\/\/www.fayence-steinzeug-vogt.de\/wp-content\/uploads\/2018\/09\/Kunst-Antiquit\u00e4ten-15-2018-Peter-Vogt.jpg 888w\" sizes=\"(max-width: 423px) 100vw, 423px\" width=\"423\" height=\"1024\" \/><\/a><\/p>\n<\/p>\n<\/div>\n<\/li>\n<li>\n<h3>Augsburger Allgemeine \u2013 Friedberger Fayencen \u2013 23.02.2018<\/h3>\n<div>\n<h2>Augsburger Allgemeine \u2013 Friedberger Fayencen \u2013 23.02.2018<\/h2>\n<p><a href=\"https:\/\/www.fayence-steinzeug-vogt.de\/wp-content\/uploads\/2018\/02\/Augsburger-Allgemeine-23-02-18-friedberger-fayence.jpg\"><img decoding=\"async\" loading=\"lazy\" class=\"alignnone wp-image-4306 size-full\" src=\"https:\/\/www.fayence-steinzeug-vogt.de\/wp-content\/uploads\/2018\/02\/Augsburger-Allgemeine-23-02-18-friedberger-fayence.jpg\" alt=\"Augsburger Allgemeine 23 -02-18 friedberger fayence\" srcset=\"https:\/\/www.fayence-steinzeug-vogt.de\/wp-content\/uploads\/2018\/02\/Augsburger-Allgemeine-23-02-18-friedberger-fayence.jpg 592w, https:\/\/www.fayence-steinzeug-vogt.de\/wp-content\/uploads\/2018\/02\/Augsburger-Allgemeine-23-02-18-friedberger-fayence-208x300.jpg 208w\" sizes=\"(max-width: 592px) 100vw, 592px\" width=\"592\" height=\"852\" \/><\/a><\/p>\n<p><strong>Quelle:\u00a0<\/strong><br \/><strong><a href=\"http:\/\/www.augsburger-allgemeine.de\/friedberg\/Ein-fruehes-Stueck-aus-der-Friedberger-Manufaktur-id44296781.html\" target=\"_blank\" rel=\"noopener\">Augsburger Allgemeine Lokales aus Friedberg<\/a><\/strong><\/p>\n<\/div>\n<\/li>\n<li>\n<h3>Hohenloher Tagblatt \u2013 Fayencen \u2013 Crailsheim \u2013 10.05. 2017<\/h3>\n<div>\n<h2>Hohenloher Tagblatt \u2013 Fayencen \u2013 Crailsheim \u2013 10.05. 2017<\/h2>\n<p><a href=\"https:\/\/www.fayence-steinzeug-vogt.de\/wp-content\/uploads\/2017\/05\/Hohenloher-Tagblatt-Crailsheimer-Fayencen-10.05.2017.jpg\"><img decoding=\"async\" loading=\"lazy\" class=\"alignnone size-full wp-image-3646\" src=\"https:\/\/www.fayence-steinzeug-vogt.de\/wp-content\/uploads\/2017\/05\/Hohenloher-Tagblatt-Crailsheimer-Fayencen-10.05.2017.jpg\" alt=\"Hohenloher Tagblatt Crailsheimer Fayencen 10.05.2017\" srcset=\"https:\/\/www.fayence-steinzeug-vogt.de\/wp-content\/uploads\/2017\/05\/Hohenloher-Tagblatt-Crailsheimer-Fayencen-10.05.2017.jpg 674w, https:\/\/www.fayence-steinzeug-vogt.de\/wp-content\/uploads\/2017\/05\/Hohenloher-Tagblatt-Crailsheimer-Fayencen-10.05.2017-240x300.jpg 240w, https:\/\/www.fayence-steinzeug-vogt.de\/wp-content\/uploads\/2017\/05\/Hohenloher-Tagblatt-Crailsheimer-Fayencen-10.05.2017-624x780.jpg 624w\" sizes=\"(max-width: 674px) 100vw, 674px\" width=\"674\" height=\"842\" \/><\/a><\/p>\n<p>Quelle: <a href=\"http:\/\/www.swp.de\/crailsheim\/lokales\/crailsheim\/kein-einziges-stueck-nach-crailsheim-14951238.html\" target=\"_blank\" rel=\"noopener noreferrer\"><strong>Hohenloher Tagblatt <\/strong><\/a><\/p>\n<\/div>\n<\/li>\n<li>\n<h3>Landsberger Tagblatt \u2013 Die\u00dfen \u2013 Modlinger \u2013 09.05. 2017 <\/h3>\n<div>\n<h2>Landsberger Tagblatt \u2013 Die\u00dfen \u2013 Modlinger \u2013 09.05. 2017<br \/>Barocker Krug kehrt an den Ammersee zur\u00fcck<\/h2>\n<p><a href=\"https:\/\/www.fayence-steinzeug-vogt.de\/presse\/landsberger-tagblatt-barocker-krug-kehrt-zurueck-an-den-ammersee-09-05-2017-modlinger\/\"><img decoding=\"async\" loading=\"lazy\" class=\"alignnone wp-image-3641 size-full\" src=\"https:\/\/www.fayence-steinzeug-vogt.de\/wp-content\/uploads\/2017\/05\/Landsberger-Tagblatt-Barocker-Krug-kehrt-zur\u00fcck-an-den-Ammersee-09.05.2017-Modlinger.jpg\" alt=\"Landsberger Tagblatt Barocker Krug kehrt zur\u00fcck an den Ammersee 09.05.2017 Modlinger\" srcset=\"https:\/\/www.fayence-steinzeug-vogt.de\/wp-content\/uploads\/2017\/05\/Landsberger-Tagblatt-Barocker-Krug-kehrt-zur\u00fcck-an-den-Ammersee-09.05.2017-Modlinger.jpg 622w, https:\/\/www.fayence-steinzeug-vogt.de\/wp-content\/uploads\/2017\/05\/Landsberger-Tagblatt-Barocker-Krug-kehrt-zur\u00fcck-an-den-Ammersee-09.05.2017-Modlinger-214x300.jpg 214w\" sizes=\"(max-width: 622px) 100vw, 622px\" width=\"622\" height=\"874\" \/><\/a><\/p>\n<p>Quelle: <a href=\"http:\/\/www.augsburger-allgemeine.de\/landsberg\/Barocker-Krug-kehrt-an-den-Ammersee-zurueck-id41399501.html\" target=\"_blank\" rel=\"noopener noreferrer\"><strong>Landsberger Tagblatt<\/strong><\/a><\/p>\n<p><strong>\u00a0<\/strong><\/p>\n<\/div>\n<\/li>\n<li>\n<h3>Landsberger Tagblatt \u2013 Die\u00dfen \u2013 Modlinger \u2013 05.05. 2017<\/h3>\n<div>\n<h3>Ein weiteres St\u00fcck heimatliche Keramikgeschichte<br \/>Die Marktgemeinde erwirbt eine\u00a0mehr als 300 Jahre alte\u00a0Terracotta-Madonna. Eine weitere Rarit\u00e4t k\u00f6nnte in K\u00fcrze folgen. Von\u00a0Gerald Modlinger<\/h3>\n<p>Download als <strong>PDF <a href=\"https:\/\/www.fayence-steinzeug-vogt.de\/wp-content\/uploads\/2017\/05\/Landsberger-Tagblatt-Ammersee-05.05.17-Diessener-Keramik-Modlinger.pdf\">Landsberger Tagblatt Ammersee 05.05.17 Diessener Keramik Modlinger<\/a><\/strong><\/p>\n<p><a href=\"https:\/\/www.fayence-steinzeug-vogt.de\/wp-content\/uploads\/2017\/05\/Landsberger-Tagblatt-Ammersee-05.05.17-Diessener-Keramik.jpg\"><img decoding=\"async\" loading=\"lazy\" class=\"alignnone wp-image-3610 size-full\" src=\"https:\/\/www.fayence-steinzeug-vogt.de\/wp-content\/uploads\/2017\/05\/Landsberger-Tagblatt-Ammersee-05.05.17-Diessener-Keramik.jpg\" alt=\"Landsberger Tagblatt Ammersee 05.05.17 Diessener Keramik\" srcset=\"https:\/\/www.fayence-steinzeug-vogt.de\/wp-content\/uploads\/2017\/05\/Landsberger-Tagblatt-Ammersee-05.05.17-Diessener-Keramik.jpg 809w, https:\/\/www.fayence-steinzeug-vogt.de\/wp-content\/uploads\/2017\/05\/Landsberger-Tagblatt-Ammersee-05.05.17-Diessener-Keramik-284x300.jpg 284w, https:\/\/www.fayence-steinzeug-vogt.de\/wp-content\/uploads\/2017\/05\/Landsberger-Tagblatt-Ammersee-05.05.17-Diessener-Keramik-768x812.jpg 768w, https:\/\/www.fayence-steinzeug-vogt.de\/wp-content\/uploads\/2017\/05\/Landsberger-Tagblatt-Ammersee-05.05.17-Diessener-Keramik-624x659.jpg 624w\" sizes=\"(max-width: 809px) 100vw, 809px\" width=\"809\" height=\"855\" \/><\/a><\/p>\n<p>Quelle: <a href=\"http:\/\/www.augsburger-allgemeine.de\/landsberg\/Ein-weiteres-Stueck-heimatliche-Keramikgeschichte-id41363851.html\" target=\"_blank\" rel=\"noopener noreferrer\"><strong>Landsberger Tagblatt<\/strong><\/a><\/p>\n<\/div>\n<\/li>\n<li>\n<h3>Hohenloher Tagblatt \u2013 Fayencen \u2013 Andreas Harthan \u2013 29.04. 2017<\/h3>\n<div>\n<p><a href=\"https:\/\/www.fayence-steinzeug-vogt.de\/wp-content\/uploads\/2017\/04\/Hohenloher-Tagblatt-Andreas-Harthan-29.04.2017.jpg\"><img decoding=\"async\" loading=\"lazy\" class=\"alignnone wp-image-3529 size-full\" src=\"https:\/\/www.fayence-steinzeug-vogt.de\/wp-content\/uploads\/2017\/04\/Hohenloher-Tagblatt-Andreas-Harthan-29.04.2017.jpg\" alt=\"Hohenloher Tagblatt Andreas Harthan 29.04.2017\" srcset=\"https:\/\/www.fayence-steinzeug-vogt.de\/wp-content\/uploads\/2017\/04\/Hohenloher-Tagblatt-Andreas-Harthan-29.04.2017.jpg 805w, https:\/\/www.fayence-steinzeug-vogt.de\/wp-content\/uploads\/2017\/04\/Hohenloher-Tagblatt-Andreas-Harthan-29.04.2017-266x300.jpg 266w, https:\/\/www.fayence-steinzeug-vogt.de\/wp-content\/uploads\/2017\/04\/Hohenloher-Tagblatt-Andreas-Harthan-29.04.2017-768x866.jpg 768w, https:\/\/www.fayence-steinzeug-vogt.de\/wp-content\/uploads\/2017\/04\/Hohenloher-Tagblatt-Andreas-Harthan-29.04.2017-624x704.jpg 624w\" sizes=\"(max-width: 805px) 100vw, 805px\" width=\"805\" height=\"908\" \/><\/a>Quelle: <a href=\"http:\/\/www.swp.de\/crailsheim\/lokales\/crailsheim\/wertvolle-fayencen-im-angebot-14883685.html\" target=\"_blank\" rel=\"noopener noreferrer\">Artikel im Hohenloher Tagblatt<\/a><\/p>\n<\/div>\n<\/li>\n<li>\n<h3>Augsburger Allgemeine \u2013 Friedberger Fayencen \u2013 29.04.2017<\/h3>\n<div>\n<p><a href=\"https:\/\/www.fayence-steinzeug-vogt.de\/wp-content\/uploads\/2017\/05\/Augsburger-Allgemeine-Friedberger-Fayence-29.-04.-2017.jpg\"><img decoding=\"async\" loading=\"lazy\" class=\"alignnone wp-image-3539 size-full\" src=\"https:\/\/www.fayence-steinzeug-vogt.de\/wp-content\/uploads\/2017\/05\/Augsburger-Allgemeine-Friedberger-Fayence-29.-04.-2017.jpg\" alt=\"Augsburger Allgemeine Friedberger Fayence 29. 04. 2017\" srcset=\"https:\/\/www.fayence-steinzeug-vogt.de\/wp-content\/uploads\/2017\/05\/Augsburger-Allgemeine-Friedberger-Fayence-29.-04.-2017.jpg 621w, https:\/\/www.fayence-steinzeug-vogt.de\/wp-content\/uploads\/2017\/05\/Augsburger-Allgemeine-Friedberger-Fayence-29.-04.-2017-200x300.jpg 200w\" sizes=\"(max-width: 621px) 100vw, 621px\" width=\"621\" height=\"932\" \/><\/a>Quelle: <a href=\"http:\/\/www.augsburger-allgemeine.de\/friedberg\/Friedberger-Fayencen-werden-versteigert-id41316691.html\" target=\"_blank\" rel=\"noopener noreferrer\">Augsburger Allgemeine Friedberg Artikel Fayencen<\/a><\/p>\n<\/div>\n<\/li>\n<li>\n<h3>Schw\u00e4bische Post \u2013 Auktion Schrezheimer Fayencen \u2013 28.04.2017<\/h3>\n<div>\n<p><a href=\"https:\/\/www.fayence-steinzeug-vogt.de\/wp-content\/uploads\/2017\/05\/Schw\u00e4bische-Post-Schrezheimer-Fayencen-28.04.2017.jpg\"><img decoding=\"async\" loading=\"lazy\" class=\"alignnone size-full wp-image-3554\" src=\"https:\/\/www.fayence-steinzeug-vogt.de\/wp-content\/uploads\/2017\/05\/Schw\u00e4bische-Post-Schrezheimer-Fayencen-28.04.2017.jpg\" alt=\"Schw\u00e4bische Post Schrezheimer Fayencen 28.04.2017\" srcset=\"https:\/\/www.fayence-steinzeug-vogt.de\/wp-content\/uploads\/2017\/05\/Schw\u00e4bische-Post-Schrezheimer-Fayencen-28.04.2017.jpg 729w, https:\/\/www.fayence-steinzeug-vogt.de\/wp-content\/uploads\/2017\/05\/Schw\u00e4bische-Post-Schrezheimer-Fayencen-28.04.2017-300x112.jpg 300w, https:\/\/www.fayence-steinzeug-vogt.de\/wp-content\/uploads\/2017\/05\/Schw\u00e4bische-Post-Schrezheimer-Fayencen-28.04.2017-624x233.jpg 624w\" sizes=\"(max-width: 729px) 100vw, 729px\" width=\"729\" height=\"272\" \/><\/a> <a href=\"https:\/\/www.fayence-steinzeug-vogt.de\/wp-content\/uploads\/2017\/05\/Schw\u00e4bische-Post.jpg\"><img decoding=\"async\" loading=\"lazy\" class=\"alignnone size-full wp-image-3555\" src=\"https:\/\/www.fayence-steinzeug-vogt.de\/wp-content\/uploads\/2017\/05\/Schw\u00e4bische-Post.jpg\" alt=\"Schw\u00e4bische Post\" srcset=\"https:\/\/www.fayence-steinzeug-vogt.de\/wp-content\/uploads\/2017\/05\/Schw\u00e4bische-Post.jpg 623w, https:\/\/www.fayence-steinzeug-vogt.de\/wp-content\/uploads\/2017\/05\/Schw\u00e4bische-Post-300x94.jpg 300w\" sizes=\"(max-width: 623px) 100vw, 623px\" width=\"623\" height=\"195\" \/><\/a><\/p>\n<\/div>\n<\/li>\n<li>\n<h3>Hohenloher Tagblatt \u2013 Crailsheimer Fayencen \u2013 Harthan \u2013 23.02.2016<\/h3>\n<div>\n<h2><\/h2>\n<p><a href=\"https:\/\/www.fayence-steinzeug-vogt.de\/wp-content\/uploads\/2017\/05\/Hohenloher-Tagblatt-Andreas-Harthan-Crailsheim-Fayence-23.02.2016.jpg\"><img decoding=\"async\" loading=\"lazy\" class=\"alignnone size-full wp-image-3557\" src=\"https:\/\/www.fayence-steinzeug-vogt.de\/wp-content\/uploads\/2017\/05\/Hohenloher-Tagblatt-Andreas-Harthan-Crailsheim-Fayence-23.02.2016.jpg\" alt=\"Hohenloher Tagblatt Andreas Harthan Crailsheim Fayence 23.02.2016\" srcset=\"https:\/\/www.fayence-steinzeug-vogt.de\/wp-content\/uploads\/2017\/05\/Hohenloher-Tagblatt-Andreas-Harthan-Crailsheim-Fayence-23.02.2016.jpg 785w, https:\/\/www.fayence-steinzeug-vogt.de\/wp-content\/uploads\/2017\/05\/Hohenloher-Tagblatt-Andreas-Harthan-Crailsheim-Fayence-23.02.2016-256x300.jpg 256w, https:\/\/www.fayence-steinzeug-vogt.de\/wp-content\/uploads\/2017\/05\/Hohenloher-Tagblatt-Andreas-Harthan-Crailsheim-Fayence-23.02.2016-768x899.jpg 768w, https:\/\/www.fayence-steinzeug-vogt.de\/wp-content\/uploads\/2017\/05\/Hohenloher-Tagblatt-Andreas-Harthan-Crailsheim-Fayence-23.02.2016-624x731.jpg 624w\" sizes=\"(max-width: 785px) 100vw, 785px\" width=\"785\" height=\"919\" \/><\/a><\/p>\n<p>Quelle: <a href=\"http:\/\/www.swp.de\/crailsheim\/lokales\/crailsheim\/fayencenkruege-aus-crailsheim-werden-in-muenchen-versteigert-11885688.html\" target=\"_blank\" rel=\"noopener noreferrer\">Hohenloher Tagblatt Artikel Crailsheimer Fayencen<\/a><\/p>\n<\/div>\n<\/li>\n<li>\n<h3>Augsburger Allgemeine \u2013 Friedberger Kaffeekanne \u2013 29.05.2015<\/h3>\n<div>\n<h3>Wieder daheim<br \/>Eine seltene Friedberger Fayence kehrt zur\u00fcck ins Wittelsbacher Schloss Von\u00a0Anna Schubert<\/h3>\n<p><a href=\"https:\/\/www.fayence-steinzeug-vogt.de\/wp-content\/uploads\/2017\/05\/Augsburger-Allgemeine-A.-Schubert-Friedberger-Kaffeekanne-29.05.2015.jpg\"><img decoding=\"async\" loading=\"lazy\" class=\"alignnone wp-image-3546 size-full\" src=\"https:\/\/www.fayence-steinzeug-vogt.de\/wp-content\/uploads\/2017\/05\/Augsburger-Allgemeine-A.-Schubert-Friedberger-Kaffeekanne-29.05.2015.jpg\" alt=\"Augsburger Allgemeine A. Schubert Friedberger Kaffeekanne 29.05.2015\" srcset=\"https:\/\/www.fayence-steinzeug-vogt.de\/wp-content\/uploads\/2017\/05\/Augsburger-Allgemeine-A.-Schubert-Friedberger-Kaffeekanne-29.05.2015.jpg 682w, https:\/\/www.fayence-steinzeug-vogt.de\/wp-content\/uploads\/2017\/05\/Augsburger-Allgemeine-A.-Schubert-Friedberger-Kaffeekanne-29.05.2015-226x300.jpg 226w, https:\/\/www.fayence-steinzeug-vogt.de\/wp-content\/uploads\/2017\/05\/Augsburger-Allgemeine-A.-Schubert-Friedberger-Kaffeekanne-29.05.2015-624x829.jpg 624w\" sizes=\"(max-width: 682px) 100vw, 682px\" width=\"682\" height=\"906\" \/><\/a><\/p>\n<p>Quelle: <a href=\"http:\/\/www.augsburger-allgemeine.de\/friedberg\/Wieder-daheim-id34237132.html\" target=\"_blank\" rel=\"noopener noreferrer\">Augsburger Allgemeine Friedberg Artikel Kaffeekanne<\/a><\/p>\n<\/div>\n<\/li>\n<li>\n<h3>Augsburger Allgemeine \u2013 Die\u00dfen Fayence Krug \u2013 25.02.2008<\/h3>\n<div>\n<h3><strong>\u00dcber 300 Jahre alter Fayence-Krug kehrt zur\u00fcck<\/strong><br \/>Die\u00dfen (lt) \u2013 Eine echte kunsthistorische Rarit\u00e4t ist seit Samstag im Eigentum der Marktgemeinde Die\u00dfen: B\u00fcrgermeister Herbert Kirsch ersteigerte am Samstag in einem M\u00fcnchner Auktionshaus einen Fayence-Krug aus dem Jahr 1684. M\u00f6glicherweise stammt er aus der Keramikwerkstatt Rauch in St. Georgen.<\/h3>\n<p>Quelle: <a href=\"http:\/\/www.augsburger-allgemeine.de\/landsberg\/Ueber-300-Jahre-alter-Fayence-Krug-kehrt-zurueck-id3465536.html\" target=\"_blank\" rel=\"noopener noreferrer\">Augsburger Allgemeine Die\u00dfen Fayencekrug Arikel<\/a><\/p>\n<p><a href=\"https:\/\/www.fayence-steinzeug-vogt.de\/wp-content\/uploads\/2017\/05\/Augsburger-Allgemeine-Die\u00dfen-Fayence-Krug-25.02.2008.jpg\"><img decoding=\"async\" loading=\"lazy\" class=\"alignnone size-full wp-image-3550\" src=\"https:\/\/www.fayence-steinzeug-vogt.de\/wp-content\/uploads\/2017\/05\/Augsburger-Allgemeine-Die\u00dfen-Fayence-Krug-25.02.2008.jpg\" alt=\"Augsburger Allgemeine Die\u00dfen Fayence Krug 25.02.2008\" srcset=\"https:\/\/www.fayence-steinzeug-vogt.de\/wp-content\/uploads\/2017\/05\/Augsburger-Allgemeine-Die\u00dfen-Fayence-Krug-25.02.2008.jpg 596w, https:\/\/www.fayence-steinzeug-vogt.de\/wp-content\/uploads\/2017\/05\/Augsburger-Allgemeine-Die\u00dfen-Fayence-Krug-25.02.2008-188x300.jpg 188w\" sizes=\"(max-width: 596px) 100vw, 596px\" width=\"596\" height=\"950\" \/><\/a><\/p>\n<\/div>\n<\/li>\n<li>\n<p>        <img decoding=\"async\" src=\"\/wp-content\/uploads\/2015\/09\/Prachtstucke_Borse-Online-scaled.jpg\" alt=\"\"><\/p>\n<h3>B\u00f6rse Online-Prachtst\u00fccke-24.09.2015<\/h3>\n<\/li>\n<li>\n<p>        <img decoding=\"async\" src=\"\/wp-content\/uploads\/2015\/09\/Sammler_Journal_1_2.jpg\" alt=\"\"><\/p>\n<h3>Sammlerjournal-Ma\u00df halten &#8211; 10-1993<\/h3>\n<p><a href=\"\/mass-halten-fachartikel-sammlerjournal\/\">Read more<\/a><\/p>\n<\/li>\n<\/ul>\n<p><!--more--><br \/>\n<!-- {\"type\":\"layout\",\"children\":[{\"type\":\"section\",\"props\":{\"style\":\"default\",\"width\":\"large\",\"vertical_align\":\"middle\",\"title_position\":\"top-left\",\"title_rotation\":\"left\",\"title_breakpoint\":\"xl\",\"image_position\":\"center-center\",\"padding\":\"large\"},\"children\":[{\"type\":\"row\",\"children\":[{\"type\":\"column\",\"props\":{\"image_position\":\"center-center\",\"media_overlay_gradient\":\"\",\"width_medium\":\"1-1\",\"position_sticky_breakpoint\":\"m\"},\"children\":[{\"type\":\"headline\",\"props\":{\"title_element\":\"h1\",\"title_style\":\"heading-medium\",\"title_color\":\"background\",\"content\":\"Portrait\"}}]}]}],\"name\":\"Hero\"},{\"type\":\"section\",\"props\":{\"style\":\"muted\",\"width\":\"large\",\"vertical_align\":\"middle\",\"title_position\":\"top-left\",\"title_rotation\":\"left\",\"title_breakpoint\":\"xl\",\"image_position\":\"center-center\",\"padding\":\"large\",\"padding_remove_bottom\":false,\"id\":\"about\"},\"children\":[{\"type\":\"row\",\"props\":{\"layout\":\"1-3,2-3\",\"column_gap\":\"large\",\"row_gap\":\"medium\"},\"children\":[{\"type\":\"column\",\"props\":{\"image_position\":\"center-center\",\"media_overlay_gradient\":\"\",\"width_medium\":\"1-3\",\"position_sticky_breakpoint\":\"m\"},\"children\":[{\"type\":\"headline\",\"props\":{\"title_element\":\"h2\",\"title_style\":\"h2\",\"content\":\"Peter Vogt\",\"margin\":\"large\"}},{\"type\":\"image\",\"props\":{\"margin\":\"default\",\"image_svg_color\":\"emphasis\",\"image\":\"wp-content\\\/uploads\\\/2018\\\/09\\\/Peter-Vogt-Antiquitaeten-im-Rathaus-Munchen.jpg\",\"image_alt\":\"Peter Vogt Antiquitaeten im Rathaus M\\u00fcnchen\"}}]},{\"type\":\"column\",\"props\":{\"image_position\":\"center-center\",\"media_overlay_gradient\":\"\",\"width_medium\":\"2-3\",\"position_sticky_breakpoint\":\"m\"},\"children\":[{\"type\":\"headline\",\"props\":{\"title_element\":\"h2\",\"title_style\":\"h3\",\"content\":\"\n\n<p>\\u00a0<\\\/p>\",\"margin\":\"large\"}},{\"type\":\"list\",\"props\":{\"show_image\":true,\"show_link\":true,\"list_type\":\"vertical\",\"list_element\":\"ul\",\"list_horizontal_separator\":\", \",\"column_breakpoint\":\"m\",\"image_svg_color\":\"emphasis\",\"image_align\":\"left\",\"image_vertical_align\":true,\"list_marker\":\"\"},\"children\":[{\"type\":\"list_item\",\"props\":{\"content\":\"\n\n<p>Ausbildung im Kunsthandel bei <strong>Sotheby\\u2019s in M\\u00fcnchen, New York und London<\\\/strong><\\\/p>\",\"content_en_us\":\"\n\n<p>Vocational training and expertise European Ceramics and Works of Art with <strong>Sotheby\\u2019s in Munich, New York and London<\\\/strong><\\\/p>\\n\n\n<p><\\\/p>\"}},{\"type\":\"list_item\",\"props\":{\"content\":\"\n\n<p>Seit <strong>1987<\\\/strong> Inhaber des<strong> Antiquit\\u00e4tengesch\\u00e4ftes im M\\u00fcnchner Rathaus<\\\/strong><br \\\/>Seit \\u00fcber<strong> 30 Jahren spezialisiert auf die Vielfalt historischer Fayence<br \\\/>und Steinzeug Objekte, wie Kr\\u00fcge, Teller und Vasen.<\\\/strong><\\\/p>\\n\n\n<p><\\\/p>\",\"content_en_us\":\"\n\n<p><strong>Since 1987<\\\/strong> proprietor <strong>of the Antiques Store in the Munich City Hall<\\\/strong><br \\\/><strong>Specialised for over 35 years in antique European Ceramics such as faience and stoneware objects, as well as silver, pewter, glass works of art objects.<br \\\/><\\\/strong><\\\/p>\\n\n\n<p><\\\/p>\"}},{\"type\":\"list_item\",\"props\":{\"content\":\"\n\n<p>31 Auktionen besonderer und <strong>hochwertiger Sammlerst\\u00fccke<\\\/strong> von <strong>deutscher Fayence und Steinzeug aus vier Jahrhunderten<\\\/strong><\\\/p>\\n\n\n<p><\\\/p>\",\"content_en_us\":\"\n\n<p>31 specialized auctions <strong>of selected collectors objects mainly of german manufactorys from 16th to 19th century.<\\\/strong><strong><\\\/strong><\\\/p>\\n\n\n<p><\\\/p>\"}},{\"type\":\"list_item\",\"props\":{\"content\":\"\n\n<p>Professionelle <strong>Expertise<\\\/strong> f\\u00fcr <strong>deutsche Fayence und Steinzeug, sowie Sammlerzinn<\\\/strong><\\\/p>\\n\n\n<p><\\\/p>\",\"content_en_us\":\"\n\n<p>Renown Expert for\\u00a0 G<strong>erman Faience and Stoneware objects as well as collectors pewter.<\\\/strong><\\\/p>\\n\n\n<p><\\\/p>\"}},{\"type\":\"list_item\",\"props\":{\"content\":\"\n\n<p>Versierte Kenntnis der aktuellen Marktsituation und der<strong> Zuschreibung von Kunstobjekten<\\\/strong><br \\\/>in den oben genannten Sammlerbereichen<\\\/p>\",\"content_en_us\":\"\n\n<p>Adept knowledge of the present market situation and the attribution of art objects<br \\\/>in the above-mentioned collecting categories.<\\\/p>\\n\n\n<p><\\\/p>\"}},{\"type\":\"list_item\",\"props\":{\"content\":\"\n\n<p>Individuelle Beratung im <strong>Sammlungsaufbau<\\\/strong> und der <strong>Sammlungsbetreuung.<\\\/strong><\\\/p>\",\"content_en_us\":\"\n\n<p>Individual advice on establishing a collection<\\\/p>\\n\n\n<p><\\\/p>\"}},{\"type\":\"list_item\",\"props\":{\"content\":\"\n\n<p><strong>Einzelbewertung<\\\/strong> und <strong>Bewertung von Sammlungen<\\\/strong><\\\/p>\",\"content_en_us\":\"\n\n<p>Individual assessment and valuation of collections<\\\/p>\\n\n\n<p><\\\/p>\"}}]},{\"type\":\"social\",\"props\":{\"link_style\":\"text\",\"grid\":\"horizontal\",\"grid_gap\":\"small\",\"margin\":\"default\"},\"children\":[{\"type\":\"social_item\",\"props\":{\"link\":\"https:\\\/\\\/www.facebook.com\\\/peter.vogtfayence.3\\\/\",\"icon\":\"facebook\"}}]}]}]}],\"name\":\"Peter Vogt\"},{\"type\":\"section\",\"props\":{\"style\":\"default\",\"width\":\"large\",\"vertical_align\":\"middle\",\"title_position\":\"top-left\",\"title_rotation\":\"left\",\"title_breakpoint\":\"xl\",\"image_position\":\"center-center\"},\"children\":[{\"type\":\"row\",\"props\":{\"layout\":\"1-2,1-2\"},\"children\":[{\"type\":\"column\",\"props\":{\"position_sticky_breakpoint\":\"m\",\"image_position\":\"center-center\",\"media_overlay_gradient\":\"\",\"width_medium\":\"1-2\"},\"children\":[{\"type\":\"headline\",\"props\":{\"title_element\":\"h2\",\"title_style\":\"h2\",\"content\":\"Ver\\u00f6ffentlichung\",\"margin\":\"large\",\"content_en_us\":\"Publication\"}},{\"type\":\"image\",\"props\":{\"margin\":\"default\",\"image_svg_color\":\"emphasis\",\"image\":\"wp-content\\\/uploads\\\/2015\\\/02\\\/Buch-titel-e1582546862230.jpg\",\"image_alt\":\"Alte Bierkr\\u00fcge \\u00dcbersichtskatalog mit Bierkr\\u00fcgen Vogt Battenberg Verlag\"}}]},{\"type\":\"column\",\"props\":{\"position_sticky_breakpoint\":\"m\",\"image_position\":\"center-center\",\"media_overlay_gradient\":\"\",\"width_medium\":\"1-2\"},\"children\":[{\"type\":\"headline\",\"props\":{\"title_element\":\"h2\",\"title_style\":\"h3\",\"content\":\"\n\n<p><strong>\\u00a0<\\\/strong><\\\/p>\",\"margin\":\"large\"}},{\"type\":\"text\",\"props\":{\"margin\":\"default\",\"column_breakpoint\":\"m\",\"content\":\"\n\n<h3 class=\\\"author\\\"><a href=\\\"https:\\\/\\\/www.fayence-steinzeug-vogt.de\\\/alte-bierkruege-vogt-fayence-steinzeug-kruege\\\/\\\">Alte Bierkr\\u00fcge<\\\/a><br \\\/>Sammlertr\\u00e4ume<br \\\/>\\u00dcbersichtskatalog mit Bierkr\\u00fcgen aus f\\u00fcnf Jahrhunderten<\\\/h3>\\n\n\n<p class=\\\"author\\\">Johannes <span class=\\\"searchItem\\\">Vogt<\\\/span> (Autor), Peter <span class=\\\"searchItem\\\">Vogt<\\\/span> (Autor)<\\\/p>\\n\n\n<p class=\\\"publisher\\\">Battenberg Gietl Verlag 2007<\\\/p>\\n\n\n<p class=\\\"description\\\"><strong>Bierkr\\u00fcge und Humpen aus f\\u00fcnf Jahrhunderten<\\\/strong> mit geschichtlichem Abriss, \\u00dcberblick \\u00fcber Materialien und Besonderheiten, aktuelle Marktpreise und <strong>professionelle Bewertungen vom Fachmann<\\\/strong>. <strong>Im vorliegenden Werk stellen die Autoren die verschiedensten Kr\\u00fcge und Humpen aus f\\u00fcnf Jahrhunderten vor.<\\\/strong><\\\/p>\"}},{\"type\":\"text\",\"props\":{\"margin\":\"default\",\"column_breakpoint\":\"m\",\"content\":\"\n\n<p><strong>PDF mit Ausschnitten aus dem Buch vom Verlag: <\\\/strong><br \\\/><strong><a href=\\\"https:\\\/\\\/stage.fayence-steinzeug-vogt.de\\\/wp-content\\\/uploads\\\/2015\\\/02\\\/Vogt-Alte-Bierkruege-klein.pdf\\\">Alte Bierkr\\u00fcge: Sammlertr\\u00e4ume Battenberg J.Vogt<\\\/a><\\\/strong><strong><\\\/strong><\\\/p>\\n\n\n<p class=\\\"description\\\"><strong>Im vorliegenden Werk stellen die Autoren die verschiedensten Kr\\u00fcge und Humpen aus f\\u00fcnf Jahrhunderten vor.<\\\/strong><\\\/p>\\n\n\n<p class=\\\"description\\\">Dabei geben sie grundlegende Informationen zum Sammelgebiet an sich, zu den Materialien, aus denen die wertvollen Objekte gefertigt sind und einen reich illustrierten <strong>geschichtlichen Abriss, von der Renaissance zum Biedermeier, vom Historismus bis hin zum Jugendsti<\\\/strong>l.<\\\/p>\\n\n\n<p class=\\\"description\\\"><\\\/p>\\n\n\n<p class=\\\"description\\\"><strong>Johannes Vogt, geboren 1959<\\\/strong>, machte sich nach Abschluss seines Betriebswirtschaftsstudiums als Antiquit\\u00e4tenh\\u00e4ndler im M\\u00fcnchen selbstst\\u00e4ndig. Er hat bereits zahlreiche Titel zum Thema Alte Bierkr\\u00fcge ver\\u00f6ffentlicht. Im Jahre 1994 gr\\u00fcndete Johannes Vogt ein auf historische Trinkgef\\u00e4\\u00dfe spezialisiertes Auktionshaus und hat seitdem bereits \\u00fcber 10.000 Kr\\u00fcge versteigert.<\\\/p>\\n\n\n<p class=\\\"description\\\"><strong>Peter Vogt, geboren 1962<\\\/strong>, arbeitete zun\\u00e4chst bei Sotheby\\u2019s in M\\u00fcnchen, New York und London. 1987 er\\u00f6ffnete er im M\\u00fcnchner Rathaus ein Antiquit\\u00e4tengesch\\u00e4ft mit Fayence- und Steinzeugkr\\u00fcgen. Seit 1990 gibt Peter Vogt einen j\\u00e4hrlichen Verkaufskatalog mit dem Titel Fayence und Steinzeug aus vier Jahrhunderten heraus.<\\\/p>\\n\n\n<p><\\\/p>\"}}]}]}],\"name\":\"Buch\"},{\"type\":\"section\",\"props\":{\"style\":\"muted\",\"width\":\"large\",\"vertical_align\":\"middle\",\"title_position\":\"top-left\",\"title_rotation\":\"left\",\"title_breakpoint\":\"xl\",\"image_position\":\"center-center\"},\"children\":[{\"type\":\"row\",\"children\":[{\"type\":\"column\",\"props\":{\"position_sticky_breakpoint\":\"m\",\"image_position\":\"center-center\",\"media_overlay_gradient\":\"\",\"width_medium\":\"\"},\"children\":[{\"type\":\"headline\",\"props\":{\"title_element\":\"h2\",\"title_style\":\"h2\",\"content\":\"Presse\",\"margin\":\"large\",\"content_en_us\":\"Press coverage\"}},{\"type\":\"accordion\",\"props\":{\"show_image\":true,\"show_link\":true,\"collapsible\":true,\"content_column_breakpoint\":\"m\",\"image_svg_color\":\"emphasis\",\"image_align\":\"top\",\"image_grid_width\":\"1-2\",\"image_grid_breakpoint\":\"m\",\"link_text\":\"Read more\",\"link_style\":\"default\",\"content_column\":\"\"},\"children\":[{\"type\":\"accordion_item\",\"props\":{\"title\":\"Kunst und Antiquit\\u00e4ten \\u2013 Der Fund meines Lebens \\u2013 21.09.2018\",\"content\":\"\n\n<h2>\\u00a0<a href=\\\"https:\\\/\\\/www.fayence-steinzeug-vogt.de\\\/wp-content\\\/uploads\\\/2018\\\/09\\\/Kunst-und-Auktionen-15_2018.jpg\\\"><img class=\\\"alignnone size-full wp-image-4542\\\" src=\\\"https:\\\/\\\/www.fayence-steinzeug-vogt.de\\\/wp-content\\\/uploads\\\/2018\\\/09\\\/Kunst-und-Auktionen-15_2018.jpg\\\" alt=\\\"Kunst und Auktionen 15_2018\\\" srcset=\\\"https:\\\/\\\/www.fayence-steinzeug-vogt.de\\\/wp-content\\\/uploads\\\/2018\\\/09\\\/Kunst-und-Auktionen-15_2018.jpg 603w, https:\\\/\\\/www.fayence-steinzeug-vogt.de\\\/wp-content\\\/uploads\\\/2018\\\/09\\\/Kunst-und-Auktionen-15_2018-300x108.jpg 300w\\\" sizes=\\\"(max-width: 603px) 100vw, 603px\\\" width=\\\"603\\\" height=\\\"218\\\" \\\/><\\\/a><\\\/h2>\\n\n\n<p><a href=\\\"https:\\\/\\\/www.fayence-steinzeug-vogt.de\\\/wp-content\\\/uploads\\\/2018\\\/09\\\/Kunst-Antiquit\\u00e4ten-15-2018-Peter-Vogt.jpg\\\"><img loading=\\\"lazy\\\" class=\\\"alignnone size-large wp-image-4577\\\" src=\\\"https:\\\/\\\/www.fayence-steinzeug-vogt.de\\\/wp-content\\\/uploads\\\/2018\\\/09\\\/Kunst-Antiquit\\u00e4ten-15-2018-Peter-Vogt-423x1024.jpg\\\" alt=\\\"Kunst + Antiquit\\u00e4ten 15 -2018 Peter Vogt\\\" srcset=\\\"https:\\\/\\\/www.fayence-steinzeug-vogt.de\\\/wp-content\\\/uploads\\\/2018\\\/09\\\/Kunst-Antiquit\\u00e4ten-15-2018-Peter-Vogt-423x1024.jpg 423w, https:\\\/\\\/www.fayence-steinzeug-vogt.de\\\/wp-content\\\/uploads\\\/2018\\\/09\\\/Kunst-Antiquit\\u00e4ten-15-2018-Peter-Vogt-124x300.jpg 124w, https:\\\/\\\/www.fayence-steinzeug-vogt.de\\\/wp-content\\\/uploads\\\/2018\\\/09\\\/Kunst-Antiquit\\u00e4ten-15-2018-Peter-Vogt-768x1861.jpg 768w, https:\\\/\\\/www.fayence-steinzeug-vogt.de\\\/wp-content\\\/uploads\\\/2018\\\/09\\\/Kunst-Antiquit\\u00e4ten-15-2018-Peter-Vogt-624x1512.jpg 624w, https:\\\/\\\/www.fayence-steinzeug-vogt.de\\\/wp-content\\\/uploads\\\/2018\\\/09\\\/Kunst-Antiquit\\u00e4ten-15-2018-Peter-Vogt.jpg 888w\\\" sizes=\\\"(max-width: 423px) 100vw, 423px\\\" width=\\\"423\\\" height=\\\"1024\\\" \\\/><\\\/a><\\\/p>\\n\n\n<p><\\\/p>\"}},{\"type\":\"accordion_item\",\"props\":{\"title\":\"Augsburger Allgemeine \\u2013 Friedberger Fayencen \\u2013 23.02.2018\",\"content\":\"\n\n<h2>Augsburger Allgemeine \\u2013 Friedberger Fayencen \\u2013 23.02.2018<\\\/h2>\\n\n\n<p><a href=\\\"https:\\\/\\\/www.fayence-steinzeug-vogt.de\\\/wp-content\\\/uploads\\\/2018\\\/02\\\/Augsburger-Allgemeine-23-02-18-friedberger-fayence.jpg\\\"><img loading=\\\"lazy\\\" class=\\\"alignnone wp-image-4306 size-full\\\" src=\\\"https:\\\/\\\/www.fayence-steinzeug-vogt.de\\\/wp-content\\\/uploads\\\/2018\\\/02\\\/Augsburger-Allgemeine-23-02-18-friedberger-fayence.jpg\\\" alt=\\\"Augsburger Allgemeine 23 -02-18 friedberger fayence\\\" srcset=\\\"https:\\\/\\\/www.fayence-steinzeug-vogt.de\\\/wp-content\\\/uploads\\\/2018\\\/02\\\/Augsburger-Allgemeine-23-02-18-friedberger-fayence.jpg 592w, https:\\\/\\\/www.fayence-steinzeug-vogt.de\\\/wp-content\\\/uploads\\\/2018\\\/02\\\/Augsburger-Allgemeine-23-02-18-friedberger-fayence-208x300.jpg 208w\\\" sizes=\\\"(max-width: 592px) 100vw, 592px\\\" width=\\\"592\\\" height=\\\"852\\\" \\\/><\\\/a><\\\/p>\\n\n\n<p><strong>Quelle:\\u00a0<\\\/strong><br \\\/><strong><a href=\\\"http:\\\/\\\/www.augsburger-allgemeine.de\\\/friedberg\\\/Ein-fruehes-Stueck-aus-der-Friedberger-Manufaktur-id44296781.html\\\" target=\\\"_blank\\\" rel=\\\"noopener\\\">Augsburger Allgemeine Lokales aus Friedberg<\\\/a><\\\/strong><\\\/p>\"}},{\"type\":\"accordion_item\",\"props\":{\"title\":\"Hohenloher Tagblatt \\u2013 Fayencen \\u2013 Crailsheim \\u2013 10.05. 2017\",\"content\":\"\n\n<h2>Hohenloher Tagblatt \\u2013 Fayencen \\u2013 Crailsheim \\u2013 10.05. 2017<\\\/h2>\\n\n\n<p><a href=\\\"https:\\\/\\\/www.fayence-steinzeug-vogt.de\\\/wp-content\\\/uploads\\\/2017\\\/05\\\/Hohenloher-Tagblatt-Crailsheimer-Fayencen-10.05.2017.jpg\\\"><img loading=\\\"lazy\\\" class=\\\"alignnone size-full wp-image-3646\\\" src=\\\"https:\\\/\\\/www.fayence-steinzeug-vogt.de\\\/wp-content\\\/uploads\\\/2017\\\/05\\\/Hohenloher-Tagblatt-Crailsheimer-Fayencen-10.05.2017.jpg\\\" alt=\\\"Hohenloher Tagblatt Crailsheimer Fayencen 10.05.2017\\\" srcset=\\\"https:\\\/\\\/www.fayence-steinzeug-vogt.de\\\/wp-content\\\/uploads\\\/2017\\\/05\\\/Hohenloher-Tagblatt-Crailsheimer-Fayencen-10.05.2017.jpg 674w, https:\\\/\\\/www.fayence-steinzeug-vogt.de\\\/wp-content\\\/uploads\\\/2017\\\/05\\\/Hohenloher-Tagblatt-Crailsheimer-Fayencen-10.05.2017-240x300.jpg 240w, https:\\\/\\\/www.fayence-steinzeug-vogt.de\\\/wp-content\\\/uploads\\\/2017\\\/05\\\/Hohenloher-Tagblatt-Crailsheimer-Fayencen-10.05.2017-624x780.jpg 624w\\\" sizes=\\\"(max-width: 674px) 100vw, 674px\\\" width=\\\"674\\\" height=\\\"842\\\" \\\/><\\\/a><\\\/p>\\n\n\n<p>Quelle: <a href=\\\"http:\\\/\\\/www.swp.de\\\/crailsheim\\\/lokales\\\/crailsheim\\\/kein-einziges-stueck-nach-crailsheim-14951238.html\\\" target=\\\"_blank\\\" rel=\\\"noopener noreferrer\\\"><strong>Hohenloher Tagblatt <\\\/strong><\\\/a><\\\/p>\"}},{\"type\":\"accordion_item\",\"props\":{\"title\":\"Landsberger Tagblatt \\u2013 Die\\u00dfen \\u2013 Modlinger \\u2013 09.05. 2017 \",\"content\":\"\n\n<h2>Landsberger Tagblatt \\u2013 Die\\u00dfen \\u2013 Modlinger \\u2013 09.05. 2017<br \\\/>Barocker Krug kehrt an den Ammersee zur\\u00fcck<\\\/h2>\\n\n\n<p><a href=\\\"https:\\\/\\\/www.fayence-steinzeug-vogt.de\\\/presse\\\/landsberger-tagblatt-barocker-krug-kehrt-zurueck-an-den-ammersee-09-05-2017-modlinger\\\/\\\"><img loading=\\\"lazy\\\" class=\\\"alignnone wp-image-3641 size-full\\\" src=\\\"https:\\\/\\\/www.fayence-steinzeug-vogt.de\\\/wp-content\\\/uploads\\\/2017\\\/05\\\/Landsberger-Tagblatt-Barocker-Krug-kehrt-zur\\u00fcck-an-den-Ammersee-09.05.2017-Modlinger.jpg\\\" alt=\\\"Landsberger Tagblatt Barocker Krug kehrt zur\\u00fcck an den Ammersee 09.05.2017 Modlinger\\\" srcset=\\\"https:\\\/\\\/www.fayence-steinzeug-vogt.de\\\/wp-content\\\/uploads\\\/2017\\\/05\\\/Landsberger-Tagblatt-Barocker-Krug-kehrt-zur\\u00fcck-an-den-Ammersee-09.05.2017-Modlinger.jpg 622w, https:\\\/\\\/www.fayence-steinzeug-vogt.de\\\/wp-content\\\/uploads\\\/2017\\\/05\\\/Landsberger-Tagblatt-Barocker-Krug-kehrt-zur\\u00fcck-an-den-Ammersee-09.05.2017-Modlinger-214x300.jpg 214w\\\" sizes=\\\"(max-width: 622px) 100vw, 622px\\\" width=\\\"622\\\" height=\\\"874\\\" \\\/><\\\/a><\\\/p>\\n\n\n<p>Quelle: <a href=\\\"http:\\\/\\\/www.augsburger-allgemeine.de\\\/landsberg\\\/Barocker-Krug-kehrt-an-den-Ammersee-zurueck-id41399501.html\\\" target=\\\"_blank\\\" rel=\\\"noopener noreferrer\\\"><strong>Landsberger Tagblatt<\\\/strong><\\\/a><\\\/p>\\n\n\n<p><strong>\\u00a0<\\\/strong><\\\/p>\"}},{\"type\":\"accordion_item\",\"props\":{\"title\":\"Landsberger Tagblatt \\u2013 Die\\u00dfen \\u2013 Modlinger \\u2013 05.05. 2017\",\"content\":\"\n\n<h3>Ein weiteres St\\u00fcck heimatliche Keramikgeschichte<br \\\/>Die Marktgemeinde erwirbt eine\\u00a0mehr als 300 Jahre alte\\u00a0Terracotta-Madonna. Eine weitere Rarit\\u00e4t k\\u00f6nnte in K\\u00fcrze folgen. Von\\u00a0Gerald Modlinger<\\\/h3>\\n\n\n<p>Download als <strong>PDF <a href=\\\"https:\\\/\\\/www.fayence-steinzeug-vogt.de\\\/wp-content\\\/uploads\\\/2017\\\/05\\\/Landsberger-Tagblatt-Ammersee-05.05.17-Diessener-Keramik-Modlinger.pdf\\\">Landsberger Tagblatt Ammersee 05.05.17 Diessener Keramik Modlinger<\\\/a><\\\/strong><\\\/p>\\n\n\n<p><a href=\\\"https:\\\/\\\/www.fayence-steinzeug-vogt.de\\\/wp-content\\\/uploads\\\/2017\\\/05\\\/Landsberger-Tagblatt-Ammersee-05.05.17-Diessener-Keramik.jpg\\\"><img loading=\\\"lazy\\\" class=\\\"alignnone wp-image-3610 size-full\\\" src=\\\"https:\\\/\\\/www.fayence-steinzeug-vogt.de\\\/wp-content\\\/uploads\\\/2017\\\/05\\\/Landsberger-Tagblatt-Ammersee-05.05.17-Diessener-Keramik.jpg\\\" alt=\\\"Landsberger Tagblatt Ammersee 05.05.17 Diessener Keramik\\\" srcset=\\\"https:\\\/\\\/www.fayence-steinzeug-vogt.de\\\/wp-content\\\/uploads\\\/2017\\\/05\\\/Landsberger-Tagblatt-Ammersee-05.05.17-Diessener-Keramik.jpg 809w, https:\\\/\\\/www.fayence-steinzeug-vogt.de\\\/wp-content\\\/uploads\\\/2017\\\/05\\\/Landsberger-Tagblatt-Ammersee-05.05.17-Diessener-Keramik-284x300.jpg 284w, https:\\\/\\\/www.fayence-steinzeug-vogt.de\\\/wp-content\\\/uploads\\\/2017\\\/05\\\/Landsberger-Tagblatt-Ammersee-05.05.17-Diessener-Keramik-768x812.jpg 768w, https:\\\/\\\/www.fayence-steinzeug-vogt.de\\\/wp-content\\\/uploads\\\/2017\\\/05\\\/Landsberger-Tagblatt-Ammersee-05.05.17-Diessener-Keramik-624x659.jpg 624w\\\" sizes=\\\"(max-width: 809px) 100vw, 809px\\\" width=\\\"809\\\" height=\\\"855\\\" \\\/><\\\/a><\\\/p>\\n\n\n<p>Quelle: <a href=\\\"http:\\\/\\\/www.augsburger-allgemeine.de\\\/landsberg\\\/Ein-weiteres-Stueck-heimatliche-Keramikgeschichte-id41363851.html\\\" target=\\\"_blank\\\" rel=\\\"noopener noreferrer\\\"><strong>Landsberger Tagblatt<\\\/strong><\\\/a><\\\/p>\"}},{\"type\":\"accordion_item\",\"props\":{\"title\":\"Hohenloher Tagblatt \\u2013 Fayencen \\u2013 Andreas Harthan \\u2013 29.04. 2017\",\"content\":\"\n\n<p><a href=\\\"https:\\\/\\\/www.fayence-steinzeug-vogt.de\\\/wp-content\\\/uploads\\\/2017\\\/04\\\/Hohenloher-Tagblatt-Andreas-Harthan-29.04.2017.jpg\\\"><img loading=\\\"lazy\\\" class=\\\"alignnone wp-image-3529 size-full\\\" src=\\\"https:\\\/\\\/www.fayence-steinzeug-vogt.de\\\/wp-content\\\/uploads\\\/2017\\\/04\\\/Hohenloher-Tagblatt-Andreas-Harthan-29.04.2017.jpg\\\" alt=\\\"Hohenloher Tagblatt Andreas Harthan 29.04.2017\\\" srcset=\\\"https:\\\/\\\/www.fayence-steinzeug-vogt.de\\\/wp-content\\\/uploads\\\/2017\\\/04\\\/Hohenloher-Tagblatt-Andreas-Harthan-29.04.2017.jpg 805w, https:\\\/\\\/www.fayence-steinzeug-vogt.de\\\/wp-content\\\/uploads\\\/2017\\\/04\\\/Hohenloher-Tagblatt-Andreas-Harthan-29.04.2017-266x300.jpg 266w, https:\\\/\\\/www.fayence-steinzeug-vogt.de\\\/wp-content\\\/uploads\\\/2017\\\/04\\\/Hohenloher-Tagblatt-Andreas-Harthan-29.04.2017-768x866.jpg 768w, https:\\\/\\\/www.fayence-steinzeug-vogt.de\\\/wp-content\\\/uploads\\\/2017\\\/04\\\/Hohenloher-Tagblatt-Andreas-Harthan-29.04.2017-624x704.jpg 624w\\\" sizes=\\\"(max-width: 805px) 100vw, 805px\\\" width=\\\"805\\\" height=\\\"908\\\" \\\/><\\\/a>Quelle: <a href=\\\"http:\\\/\\\/www.swp.de\\\/crailsheim\\\/lokales\\\/crailsheim\\\/wertvolle-fayencen-im-angebot-14883685.html\\\" target=\\\"_blank\\\" rel=\\\"noopener noreferrer\\\">Artikel im Hohenloher Tagblatt<\\\/a><\\\/p>\"}},{\"type\":\"accordion_item\",\"props\":{\"title\":\"Augsburger Allgemeine \\u2013 Friedberger Fayencen \\u2013 29.04.2017\",\"content\":\"\n\n<p><a href=\\\"https:\\\/\\\/www.fayence-steinzeug-vogt.de\\\/wp-content\\\/uploads\\\/2017\\\/05\\\/Augsburger-Allgemeine-Friedberger-Fayence-29.-04.-2017.jpg\\\"><img loading=\\\"lazy\\\" class=\\\"alignnone wp-image-3539 size-full\\\" src=\\\"https:\\\/\\\/www.fayence-steinzeug-vogt.de\\\/wp-content\\\/uploads\\\/2017\\\/05\\\/Augsburger-Allgemeine-Friedberger-Fayence-29.-04.-2017.jpg\\\" alt=\\\"Augsburger Allgemeine Friedberger Fayence 29. 04. 2017\\\" srcset=\\\"https:\\\/\\\/www.fayence-steinzeug-vogt.de\\\/wp-content\\\/uploads\\\/2017\\\/05\\\/Augsburger-Allgemeine-Friedberger-Fayence-29.-04.-2017.jpg 621w, https:\\\/\\\/www.fayence-steinzeug-vogt.de\\\/wp-content\\\/uploads\\\/2017\\\/05\\\/Augsburger-Allgemeine-Friedberger-Fayence-29.-04.-2017-200x300.jpg 200w\\\" sizes=\\\"(max-width: 621px) 100vw, 621px\\\" width=\\\"621\\\" height=\\\"932\\\" \\\/><\\\/a>Quelle: <a href=\\\"http:\\\/\\\/www.augsburger-allgemeine.de\\\/friedberg\\\/Friedberger-Fayencen-werden-versteigert-id41316691.html\\\" target=\\\"_blank\\\" rel=\\\"noopener noreferrer\\\">Augsburger Allgemeine Friedberg Artikel Fayencen<\\\/a><\\\/p>\"}},{\"type\":\"accordion_item\",\"props\":{\"title\":\"Schw\\u00e4bische Post \\u2013 Auktion Schrezheimer Fayencen \\u2013 28.04.2017\",\"content\":\"\n\n<p><a href=\\\"https:\\\/\\\/www.fayence-steinzeug-vogt.de\\\/wp-content\\\/uploads\\\/2017\\\/05\\\/Schw\\u00e4bische-Post-Schrezheimer-Fayencen-28.04.2017.jpg\\\"><img loading=\\\"lazy\\\" class=\\\"alignnone size-full wp-image-3554\\\" src=\\\"https:\\\/\\\/www.fayence-steinzeug-vogt.de\\\/wp-content\\\/uploads\\\/2017\\\/05\\\/Schw\\u00e4bische-Post-Schrezheimer-Fayencen-28.04.2017.jpg\\\" alt=\\\"Schw\\u00e4bische Post Schrezheimer Fayencen 28.04.2017\\\" srcset=\\\"https:\\\/\\\/www.fayence-steinzeug-vogt.de\\\/wp-content\\\/uploads\\\/2017\\\/05\\\/Schw\\u00e4bische-Post-Schrezheimer-Fayencen-28.04.2017.jpg 729w, https:\\\/\\\/www.fayence-steinzeug-vogt.de\\\/wp-content\\\/uploads\\\/2017\\\/05\\\/Schw\\u00e4bische-Post-Schrezheimer-Fayencen-28.04.2017-300x112.jpg 300w, https:\\\/\\\/www.fayence-steinzeug-vogt.de\\\/wp-content\\\/uploads\\\/2017\\\/05\\\/Schw\\u00e4bische-Post-Schrezheimer-Fayencen-28.04.2017-624x233.jpg 624w\\\" sizes=\\\"(max-width: 729px) 100vw, 729px\\\" width=\\\"729\\\" height=\\\"272\\\" \\\/><\\\/a> <a href=\\\"https:\\\/\\\/www.fayence-steinzeug-vogt.de\\\/wp-content\\\/uploads\\\/2017\\\/05\\\/Schw\\u00e4bische-Post.jpg\\\"><img loading=\\\"lazy\\\" class=\\\"alignnone size-full wp-image-3555\\\" src=\\\"https:\\\/\\\/www.fayence-steinzeug-vogt.de\\\/wp-content\\\/uploads\\\/2017\\\/05\\\/Schw\\u00e4bische-Post.jpg\\\" alt=\\\"Schw\\u00e4bische Post\\\" srcset=\\\"https:\\\/\\\/www.fayence-steinzeug-vogt.de\\\/wp-content\\\/uploads\\\/2017\\\/05\\\/Schw\\u00e4bische-Post.jpg 623w, https:\\\/\\\/www.fayence-steinzeug-vogt.de\\\/wp-content\\\/uploads\\\/2017\\\/05\\\/Schw\\u00e4bische-Post-300x94.jpg 300w\\\" sizes=\\\"(max-width: 623px) 100vw, 623px\\\" width=\\\"623\\\" height=\\\"195\\\" \\\/><\\\/a><\\\/p>\"}},{\"type\":\"accordion_item\",\"props\":{\"title\":\"Hohenloher Tagblatt \\u2013 Crailsheimer Fayencen \\u2013 Harthan \\u2013 23.02.2016\",\"content\":\"\n\n<h2><\\\/h2>\\n\n\n<p><a href=\\\"https:\\\/\\\/www.fayence-steinzeug-vogt.de\\\/wp-content\\\/uploads\\\/2017\\\/05\\\/Hohenloher-Tagblatt-Andreas-Harthan-Crailsheim-Fayence-23.02.2016.jpg\\\"><img loading=\\\"lazy\\\" class=\\\"alignnone size-full wp-image-3557\\\" src=\\\"https:\\\/\\\/www.fayence-steinzeug-vogt.de\\\/wp-content\\\/uploads\\\/2017\\\/05\\\/Hohenloher-Tagblatt-Andreas-Harthan-Crailsheim-Fayence-23.02.2016.jpg\\\" alt=\\\"Hohenloher Tagblatt Andreas Harthan Crailsheim Fayence 23.02.2016\\\" srcset=\\\"https:\\\/\\\/www.fayence-steinzeug-vogt.de\\\/wp-content\\\/uploads\\\/2017\\\/05\\\/Hohenloher-Tagblatt-Andreas-Harthan-Crailsheim-Fayence-23.02.2016.jpg 785w, https:\\\/\\\/www.fayence-steinzeug-vogt.de\\\/wp-content\\\/uploads\\\/2017\\\/05\\\/Hohenloher-Tagblatt-Andreas-Harthan-Crailsheim-Fayence-23.02.2016-256x300.jpg 256w, https:\\\/\\\/www.fayence-steinzeug-vogt.de\\\/wp-content\\\/uploads\\\/2017\\\/05\\\/Hohenloher-Tagblatt-Andreas-Harthan-Crailsheim-Fayence-23.02.2016-768x899.jpg 768w, https:\\\/\\\/www.fayence-steinzeug-vogt.de\\\/wp-content\\\/uploads\\\/2017\\\/05\\\/Hohenloher-Tagblatt-Andreas-Harthan-Crailsheim-Fayence-23.02.2016-624x731.jpg 624w\\\" sizes=\\\"(max-width: 785px) 100vw, 785px\\\" width=\\\"785\\\" height=\\\"919\\\" \\\/><\\\/a><\\\/p>\\n\n\n<p>Quelle: <a href=\\\"http:\\\/\\\/www.swp.de\\\/crailsheim\\\/lokales\\\/crailsheim\\\/fayencenkruege-aus-crailsheim-werden-in-muenchen-versteigert-11885688.html\\\" target=\\\"_blank\\\" rel=\\\"noopener noreferrer\\\">Hohenloher Tagblatt Artikel Crailsheimer Fayencen<\\\/a><\\\/p>\"}},{\"type\":\"accordion_item\",\"props\":{\"title\":\"Augsburger Allgemeine \\u2013 Friedberger Kaffeekanne \\u2013 29.05.2015\",\"content\":\"\n\n<h3>Wieder daheim<br \\\/>Eine seltene Friedberger Fayence kehrt zur\\u00fcck ins Wittelsbacher Schloss Von\\u00a0Anna Schubert<\\\/h3>\\n\n\n<p><a href=\\\"https:\\\/\\\/www.fayence-steinzeug-vogt.de\\\/wp-content\\\/uploads\\\/2017\\\/05\\\/Augsburger-Allgemeine-A.-Schubert-Friedberger-Kaffeekanne-29.05.2015.jpg\\\"><img loading=\\\"lazy\\\" class=\\\"alignnone wp-image-3546 size-full\\\" src=\\\"https:\\\/\\\/www.fayence-steinzeug-vogt.de\\\/wp-content\\\/uploads\\\/2017\\\/05\\\/Augsburger-Allgemeine-A.-Schubert-Friedberger-Kaffeekanne-29.05.2015.jpg\\\" alt=\\\"Augsburger Allgemeine A. Schubert Friedberger Kaffeekanne 29.05.2015\\\" srcset=\\\"https:\\\/\\\/www.fayence-steinzeug-vogt.de\\\/wp-content\\\/uploads\\\/2017\\\/05\\\/Augsburger-Allgemeine-A.-Schubert-Friedberger-Kaffeekanne-29.05.2015.jpg 682w, https:\\\/\\\/www.fayence-steinzeug-vogt.de\\\/wp-content\\\/uploads\\\/2017\\\/05\\\/Augsburger-Allgemeine-A.-Schubert-Friedberger-Kaffeekanne-29.05.2015-226x300.jpg 226w, https:\\\/\\\/www.fayence-steinzeug-vogt.de\\\/wp-content\\\/uploads\\\/2017\\\/05\\\/Augsburger-Allgemeine-A.-Schubert-Friedberger-Kaffeekanne-29.05.2015-624x829.jpg 624w\\\" sizes=\\\"(max-width: 682px) 100vw, 682px\\\" width=\\\"682\\\" height=\\\"906\\\" \\\/><\\\/a><\\\/p>\\n\n\n<p>Quelle: <a href=\\\"http:\\\/\\\/www.augsburger-allgemeine.de\\\/friedberg\\\/Wieder-daheim-id34237132.html\\\" target=\\\"_blank\\\" rel=\\\"noopener noreferrer\\\">Augsburger Allgemeine Friedberg Artikel Kaffeekanne<\\\/a><\\\/p>\"}},{\"type\":\"accordion_item\",\"props\":{\"title\":\"Augsburger Allgemeine \\u2013 Die\\u00dfen Fayence Krug \\u2013 25.02.2008\",\"content\":\"\n\n<h3><strong>\\u00dcber 300 Jahre alter Fayence-Krug kehrt zur\\u00fcck<\\\/strong><br \\\/>Die\\u00dfen (lt) \\u2013 Eine echte kunsthistorische Rarit\\u00e4t ist seit Samstag im Eigentum der Marktgemeinde Die\\u00dfen: B\\u00fcrgermeister Herbert Kirsch ersteigerte am Samstag in einem M\\u00fcnchner Auktionshaus einen Fayence-Krug aus dem Jahr 1684. M\\u00f6glicherweise stammt er aus der Keramikwerkstatt Rauch in St. Georgen.<\\\/h3>\\n\n\n<p>Quelle: <a href=\\\"http:\\\/\\\/www.augsburger-allgemeine.de\\\/landsberg\\\/Ueber-300-Jahre-alter-Fayence-Krug-kehrt-zurueck-id3465536.html\\\" target=\\\"_blank\\\" rel=\\\"noopener noreferrer\\\">Augsburger Allgemeine Die\\u00dfen Fayencekrug Arikel<\\\/a><\\\/p>\\n\n\n<p><a href=\\\"https:\\\/\\\/www.fayence-steinzeug-vogt.de\\\/wp-content\\\/uploads\\\/2017\\\/05\\\/Augsburger-Allgemeine-Die\\u00dfen-Fayence-Krug-25.02.2008.jpg\\\"><img loading=\\\"lazy\\\" class=\\\"alignnone size-full wp-image-3550\\\" src=\\\"https:\\\/\\\/www.fayence-steinzeug-vogt.de\\\/wp-content\\\/uploads\\\/2017\\\/05\\\/Augsburger-Allgemeine-Die\\u00dfen-Fayence-Krug-25.02.2008.jpg\\\" alt=\\\"Augsburger Allgemeine Die\\u00dfen Fayence Krug 25.02.2008\\\" srcset=\\\"https:\\\/\\\/www.fayence-steinzeug-vogt.de\\\/wp-content\\\/uploads\\\/2017\\\/05\\\/Augsburger-Allgemeine-Die\\u00dfen-Fayence-Krug-25.02.2008.jpg 596w, https:\\\/\\\/www.fayence-steinzeug-vogt.de\\\/wp-content\\\/uploads\\\/2017\\\/05\\\/Augsburger-Allgemeine-Die\\u00dfen-Fayence-Krug-25.02.2008-188x300.jpg 188w\\\" sizes=\\\"(max-width: 596px) 100vw, 596px\\\" width=\\\"596\\\" height=\\\"950\\\" \\\/><\\\/a><\\\/p>\"}},{\"type\":\"accordion_item\",\"props\":{\"title\":\"B\\u00f6rse Online-Prachtst\\u00fccke-24.09.2015\",\"image\":\"wp-content\\\/uploads\\\/2015\\\/09\\\/Prachtstucke_Borse-Online-scaled.jpg\",\"title_en_us\":\"B\\u00f6rse Online-Prachtst\\u00fccke-24.09.2015\"}},{\"type\":\"accordion_item\",\"props\":{\"title\":\"Sammlerjournal-Ma\\u00df halten - 10-1993\",\"link\":\"mass-halten-fachartikel-sammlerjournal\\\/\",\"image\":\"wp-content\\\/uploads\\\/2015\\\/09\\\/Sammler_Journal_1_2.jpg\"}}],\"name\":\"Presse\"}]}]}],\"name\":\"Presse\"}],\"version\":\"2.7.21\"} --><\/p>\n","protected":false},"excerpt":{"rendered":"<p>Portrait Peter Vogt \u00a0 Ausbildung im Kunsthandel bei Sotheby\u2019s in M\u00fcnchen, New York und London Seit 1987 Inhaber des Antiquit\u00e4tengesch\u00e4ftes im M\u00fcnchner RathausSeit \u00fcber 30 Jahren spezialisiert auf die Vielfalt historischer Fayenceund Steinzeug Objekte, wie Kr\u00fcge, Teller und Vasen. 31 Auktionen besonderer und hochwertiger Sammlerst\u00fccke von deutscher Fayence und Steinzeug aus vier Jahrhunderten Professionelle Expertise [&hellip;]<\/p>\n","protected":false},"author":1,"featured_media":0,"parent":0,"menu_order":3,"comment_status":"closed","ping_status":"closed","template":"","meta":{"footnotes":""},"class_list":["post-7973","page","type-page","status-publish","hentry"],"_links":{"self":[{"href":"https:\/\/www.fayence-steinzeug-vogt.de\/en\/wp-json\/wp\/v2\/pages\/7973","targetHints":{"allow":["GET"]}}],"collection":[{"href":"https:\/\/www.fayence-steinzeug-vogt.de\/en\/wp-json\/wp\/v2\/pages"}],"about":[{"href":"https:\/\/www.fayence-steinzeug-vogt.de\/en\/wp-json\/wp\/v2\/types\/page"}],"author":[{"embeddable":true,"href":"https:\/\/www.fayence-steinzeug-vogt.de\/en\/wp-json\/wp\/v2\/users\/1"}],"replies":[{"embeddable":true,"href":"https:\/\/www.fayence-steinzeug-vogt.de\/en\/wp-json\/wp\/v2\/comments?post=7973"}],"version-history":[{"count":40,"href":"https:\/\/www.fayence-steinzeug-vogt.de\/en\/wp-json\/wp\/v2\/pages\/7973\/revisions"}],"predecessor-version":[{"id":8406,"href":"https:\/\/www.fayence-steinzeug-vogt.de\/en\/wp-json\/wp\/v2\/pages\/7973\/revisions\/8406"}],"wp:attachment":[{"href":"https:\/\/www.fayence-steinzeug-vogt.de\/en\/wp-json\/wp\/v2\/media?parent=7973"}],"curies":[{"name":"wp","href":"https:\/\/api.w.org\/{rel}","templated":true}]}}